{"id":699,"date":"2023-07-19T10:19:37","date_gmt":"2023-07-19T08:19:37","guid":{"rendered":"http:\/\/localhost\/wordpress\/?page_id=699"},"modified":"2023-10-10T22:10:41","modified_gmt":"2023-10-10T20:10:41","slug":"sveto-brdo-velebit","status":"publish","type":"page","link":"https:\/\/zirzen.com\/en\/sveto-brdo-velebit\/","title":{"rendered":"Sveto Brdo"},"content":{"rendered":"<h2 class=\"wp-block-heading has-text-align-center\">Sveto Brdo<\/h2>\n\n\n\n<div class=\"wp-block-columns is-layout-flex wp-container-core-columns-is-layout-28f84493 wp-block-columns-is-layout-flex\">\n<div class=\"wp-block-column is-layout-flow wp-block-column-is-layout-flow\" style=\"flex-basis:33.33%\">\n<div class=\"wp-block-group attraction-left-side\"><div class=\"wp-block-group__inner-container is-layout-constrained wp-block-group-is-layout-constrained\">\n<figure class=\"wp-block-image size-large agl agl-fadeCSS agl-in-distance-1\"><img loading=\"lazy\" decoding=\"async\" width=\"1024\" height=\"768\" src=\"https:\/\/zirzen.com\/wp-content\/uploads\/2023\/09\/Sveto-Brdo-1024x768.jpeg\" alt=\"Sveto Brdo\" class=\"wp-image-3331\" srcset=\"https:\/\/zirzen.com\/wp-content\/uploads\/2023\/09\/Sveto-Brdo-1024x768.jpeg 1024w, https:\/\/zirzen.com\/wp-content\/uploads\/2023\/09\/Sveto-Brdo-300x225.jpeg 300w, https:\/\/zirzen.com\/wp-content\/uploads\/2023\/09\/Sveto-Brdo-768x576.jpeg 768w, https:\/\/zirzen.com\/wp-content\/uploads\/2023\/09\/Sveto-Brdo-1536x1152.jpeg 1536w, https:\/\/zirzen.com\/wp-content\/uploads\/2023\/09\/Sveto-Brdo-2048x1536.jpeg 2048w, https:\/\/zirzen.com\/wp-content\/uploads\/2023\/09\/Sveto-Brdo-16x12.jpeg 16w, https:\/\/zirzen.com\/wp-content\/uploads\/2023\/09\/Sveto-Brdo-1568x1176.jpeg 1568w\" sizes=\"auto, (max-width: 1024px) 100vw, 1024px\" \/><\/figure>\n\n\n\n<p class=\"has-text-align-center attraction-links has-small-font-size\"><a href=\"https:\/\/planinarenje.hr\/staze\/mali-alan-dusice-sveto-brdo?odrediste=sveto-brdo\" target=\"_blank\" rel=\"noreferrer noopener\"><i class=\"fas fa-map-location-dot\"><\/i><\/a><\/p>\n<\/div><\/div>\n\n\n\n<p class=\"has-text-align-left has-small-font-size\"><strong>Time:<\/strong> 40 min <i class=\"fas fa-car\"><\/i> + 200 min <i class=\"fas fa-person-hiking\"><\/i><br><strong>Kids:<\/strong> Yes<br><strong>Dogs:<\/strong> Yes<\/p>\n\n\n\n<hr class=\"wp-block-separator has-alpha-channel-opacity\"\/>\n\n\n\n<div class=\"wp-block-buttons has-custom-font-size has-small-font-size agl agl-wipeCSS agl-in-distance-1 is-content-justification-center is-layout-flex wp-container-core-buttons-is-layout-a89b3969 wp-block-buttons-is-layout-flex\">\n<div class=\"wp-block-button is-style-fill\"><a class=\"wp-block-button__link has-foreground-color has-text-color has-background wp-element-button\" style=\"border-radius:16px;background-color:#d7d7d7;padding-top:10px;padding-right:10px;padding-bottom:10px;padding-left:10px\"><i class=\"fas fa-mountain-sun\"><\/i><\/a><\/div>\n\n\n\n<div class=\"wp-block-button is-style-fill\"><a class=\"wp-block-button__link has-foreground-color has-text-color has-background wp-element-button\" style=\"border-radius:16px;background-color:#d7d7d7;padding-top:10px;padding-right:10px;padding-bottom:10px;padding-left:10px\"><i class=\"fas fa-person-hiking\"><\/i><\/a><\/div>\n\n\n\n<div class=\"wp-block-button is-style-fill\"><a class=\"wp-block-button__link has-foreground-color has-text-color has-background wp-element-button\" style=\"border-radius:16px;background-color:#d7d7d7;padding-top:10px;padding-right:10px;padding-bottom:10px;padding-left:10px\"><i class=\"fas fa-camera\"><\/i><\/a><\/div>\n\n\n\n<div class=\"wp-block-button is-style-fill\"><a class=\"wp-block-button__link has-foreground-color has-text-color has-background wp-element-button\" style=\"border-radius:16px;background-color:#d7d7d7;padding-top:10px;padding-right:10px;padding-bottom:10px;padding-left:10px\"><i class=\"fas fa-eye\"><\/i><\/a><\/div>\n<\/div>\n<\/div>\n\n\n\n<div class=\"wp-block-column is-layout-flow wp-block-column-is-layout-flow\" style=\"flex-basis:66.66%\">\n<p class=\"has-small-font-size\">My father told me that he heard on television when the famous Croatian alpinist Stipe Bo\u017ei\u0107 said that the view from Sveto Brdo (Saint Hill) is one of the most beautiful views that the mountains of the world offer. I don't think either of them are lying.<\/p>\n\n\n\n<p class=\"has-small-font-size\">Although Sveto Brdo is not the highest peak of Velebit, because Vaganski vrh cuts it by 6 meters, the view it offers is breathtaking. Lika under the snow, the Adriatic Sea bathed in the sun, the summit ridge in the red of the sunset, Crnopac in the southeast... It is simply best to turn around 360\u00b0 several times.<\/p>\n\n\n\n<p class=\"has-small-font-size\">A few minutes after my then 7-year-old son and I reached the top, he turned to me and said, \"Dad, I can't stop admiring!\" That should be enough incentive for you.<\/p>\n\n\n\n<p class=\"has-small-font-size\">Sveto Brdo can be reached from several different directions. The parking lot for the ascent via Mali Alan is marked here, and my personal favorite access is via Bunovac, which is described in the section for <a href=\"https:\/\/zirzen.com\/en\/vaganski-vrh-velebit\/\">Vaganski peak<\/a>. It will take you a little more than 3 hours from the parking lot to the top.<\/p>\n<\/div>\n<\/div>\n\n\n\n<div class=\"wp-block-group has-background has-small-font-size\" style=\"background-color:#f1f1f1\"><div class=\"wp-block-group__inner-container is-layout-constrained wp-block-group-is-layout-constrained\">\n<div class=\"leaflet-map WPLeafletMap\" style=\"height:450px; width:100%;\"><\/div><script>\nwindow.WPLeafletMapPlugin = window.WPLeafletMapPlugin || [];\nwindow.WPLeafletMapPlugin.push(function WPLeafletMapShortcode() {\/*<script>*\/\nvar baseUrl = atob('aHR0cHM6Ly97c30udGlsZS5vcGVuc3RyZWV0bWFwLm9yZy97en0ve3h9L3t5fS5wbmc=');\nvar base = (!baseUrl && window.MQ) ? \n    window.MQ.mapLayer() : L.tileLayer(baseUrl, \n        L.Util.extend({}, {\n            detectRetina: 0,\n        }, \n        {\"subdomains\":\"abc\",\"noWrap\":false}        )\n    );\n    var options = L.Util.extend({}, {\n        layers: [base],\n        attributionControl: false\n    }, \n    {\"zoomControl\":true,\"scrollWheelZoom\":true,\"doubleClickZoom\":false,\"fitBounds\":false,\"minZoom\":0,\"maxZoom\":19,\"maxBounds\":null,\"attribution\":\"<a href=\\\"http:\\\/\\\/leafletjs.com\\\" title=\\\"A JS library for interactive maps\\\">Leaflet<\\\/a>; \\u00a9 <a href=\\\"http:\\\/\\\/www.openstreetmap.org\\\/copyright\\\">OpenStreetMap<\\\/a> contributors\"}, \n    {});\nwindow.WPLeafletMapPlugin.createMap(options).setView([44.3086,15.6038],13);});<\/script>\n\n<script>\nwindow.WPLeafletMapPlugin = window.WPLeafletMapPlugin || [];\nwindow.WPLeafletMapPlugin.push(function WPLeafletMarkerShortcode() {\/*<script>*\/\nvar map = window.WPLeafletMapPlugin.getCurrentMap();\nvar group = window.WPLeafletMapPlugin.getCurrentGroup();\nvar marker_options = window.WPLeafletMapPlugin.getIconOptions({\"svg\":true,\"background\":\"grey\",\"iconClass\":\"fas fa-car\",\"color\":\"white\"});\nvar marker = new L.SVGMarker(\n    [44.292469,15.650659], \n    marker_options\n);\nvar is_image = map.is_image_map;\nif (marker_options.draggable) {\n    marker.on('dragend', function () {\n        var latlng = this.getLatLng();\n        var lat = latlng.lat;\n        var lng = latlng.lng;\n        if (is_image) {\n            console.log('leaflet-marker y=' + lat + ' x=' + lng);\n        } else {\n            console.log('leaflet-marker lat=' + lat + ' lng=' + lng);\n        }\n    });\n}\nmarker.addTo( group );\nmarker.bindPopup(window.WPLeafletMapPlugin.unescape('Parking Majstorska cesta'));window.WPLeafletMapPlugin.markers.push( marker );\n        });<\/script> \n\n<script>\nwindow.WPLeafletMapPlugin = window.WPLeafletMapPlugin || [];\nwindow.WPLeafletMapPlugin.push(function WPLeafletMarkerShortcode() {\/*<script>*\/\nvar map = window.WPLeafletMapPlugin.getCurrentMap();\nvar group = window.WPLeafletMapPlugin.getCurrentGroup();\nvar marker_options = window.WPLeafletMapPlugin.getIconOptions({\"svg\":true,\"background\":\"green\",\"iconClass\":\"fas fa-person-hiking\",\"color\":\"white\"});\nvar marker = new L.SVGMarker(\n    [44.32862,15.56972], \n    marker_options\n);\nvar is_image = map.is_image_map;\nif (marker_options.draggable) {\n    marker.on('dragend', function () {\n        var latlng = this.getLatLng();\n        var lat = latlng.lat;\n        var lng = latlng.lng;\n        if (is_image) {\n            console.log('leaflet-marker y=' + lat + ' x=' + lng);\n        } else {\n            console.log('leaflet-marker lat=' + lat + ' lng=' + lng);\n        }\n    });\n}\nmarker.addTo( group );\nmarker.bindPopup(window.WPLeafletMapPlugin.unescape('Sveto Brdo'));window.WPLeafletMapPlugin.markers.push( marker );\n        });<\/script> \n<\/div><\/div>","protected":false},"excerpt":{"rendered":"<p>Sveto Brdo Vrijeme: 40 min + 200 min Klinci: DaPsi: Da Otac mi je rekao da je \u010duo na televiziji kada je proslavljeni hrvatski alpinist Stipe Bo\u017ei\u0107 rekao da je pogled sa Svetog Brda jedan od najljep\u0161ih pogleda koje planine svijeta nude. Mislim da ni jedan i drugi ne la\u017eu. Iako Sveto Brdo nije najvi\u0161i<a class=\"more-link\" href=\"https:\/\/zirzen.com\/en\/sveto-brdo-velebit\/\">Continue reading <span class=\"screen-reader-text\">&#8220;Sveto Brdo&#8221;<\/span><\/a><\/p>","protected":false},"author":2,"featured_media":0,"parent":0,"menu_order":0,"comment_status":"closed","ping_status":"closed","template":"","meta":{"_monsterinsights_skip_tracking":false,"_monsterinsights_sitenote_active":false,"_monsterinsights_sitenote_note":"","_monsterinsights_sitenote_category":0,"footnotes":""},"class_list":["post-699","page","type-page","status-publish","hentry","entry"],"yoast_head":"<!-- This site is optimized with the Yoast SEO plugin v20.13 - https:\/\/yoast.com\/wordpress\/plugins\/seo\/ -->\n<title>Sveto Brdo - Zir Zen<\/title>\n<meta name=\"robots\" content=\"index, follow, max-snippet:-1, max-image-preview:large, max-video-preview:-1\" \/>\n<link rel=\"canonical\" href=\"https:\/\/zirzen.com\/en\/sveto-brdo-velebit\/\" \/>\n<meta property=\"og:locale\" content=\"en_US\" \/>\n<meta property=\"og:type\" content=\"article\" \/>\n<meta property=\"og:title\" content=\"Sveto Brdo - Zir Zen\" \/>\n<meta property=\"og:description\" content=\"Sveto Brdo Vrijeme: 40 min + 200 min Klinci: DaPsi: Da Otac mi je rekao da je \u010duo na televiziji kada je proslavljeni hrvatski alpinist Stipe Bo\u017ei\u0107 rekao da je pogled sa Svetog Brda jedan od najljep\u0161ih pogleda koje planine svijeta nude. Mislim da ni jedan i drugi ne la\u017eu. Iako Sveto Brdo nije najvi\u0161iContinue reading &quot;Sveto Brdo&quot;\" \/>\n<meta property=\"og:url\" content=\"https:\/\/zirzen.com\/en\/sveto-brdo-velebit\/\" \/>\n<meta property=\"og:site_name\" content=\"Zir Zen\" \/>\n<meta property=\"article:modified_time\" content=\"2023-10-10T20:10:41+00:00\" \/>\n<meta property=\"og:image\" content=\"https:\/\/zirzen.com\/wp-content\/uploads\/2023\/09\/Sveto-Brdo-1024x768.jpeg\" \/>\n<meta name=\"twitter:card\" content=\"summary_large_image\" \/>\n<meta name=\"twitter:label1\" content=\"Est. reading time\" \/>\n\t<meta name=\"twitter:data1\" content=\"2 minutes\" \/>\n<script type=\"application\/ld+json\" class=\"yoast-schema-graph\">{\"@context\":\"https:\/\/schema.org\",\"@graph\":[{\"@type\":\"WebPage\",\"@id\":\"https:\/\/zirzen.com\/sveto-brdo-velebit\/\",\"url\":\"https:\/\/zirzen.com\/sveto-brdo-velebit\/\",\"name\":\"Sveto Brdo - Zir Zen\",\"isPartOf\":{\"@id\":\"https:\/\/zirzen.com\/#website\"},\"datePublished\":\"2023-07-19T08:19:37+00:00\",\"dateModified\":\"2023-10-10T20:10:41+00:00\",\"breadcrumb\":{\"@id\":\"https:\/\/zirzen.com\/sveto-brdo-velebit\/#breadcrumb\"},\"inLanguage\":\"en-US\",\"potentialAction\":[{\"@type\":\"ReadAction\",\"target\":[\"https:\/\/zirzen.com\/sveto-brdo-velebit\/\"]}]},{\"@type\":\"BreadcrumbList\",\"@id\":\"https:\/\/zirzen.com\/sveto-brdo-velebit\/#breadcrumb\",\"itemListElement\":[{\"@type\":\"ListItem\",\"position\":1,\"name\":\"Home\",\"item\":\"https:\/\/zirzen.com\/\"},{\"@type\":\"ListItem\",\"position\":2,\"name\":\"Sveto Brdo\"}]},{\"@type\":\"WebSite\",\"@id\":\"https:\/\/zirzen.com\/#website\",\"url\":\"https:\/\/zirzen.com\/\",\"name\":\"Zir Zen\",\"description\":\"Jebi ga, kad smo ve\u0107 u Lovincu\",\"publisher\":{\"@id\":\"https:\/\/zirzen.com\/#organization\"},\"potentialAction\":[{\"@type\":\"SearchAction\",\"target\":{\"@type\":\"EntryPoint\",\"urlTemplate\":\"https:\/\/zirzen.com\/?s={search_term_string}\"},\"query-input\":\"required name=search_term_string\"}],\"inLanguage\":\"en-US\"},{\"@type\":\"Organization\",\"@id\":\"https:\/\/zirzen.com\/#organization\",\"name\":\"Zir Zen\",\"url\":\"https:\/\/zirzen.com\/\",\"logo\":{\"@type\":\"ImageObject\",\"inLanguage\":\"en-US\",\"@id\":\"https:\/\/zirzen.com\/#\/schema\/logo\/image\/\",\"url\":\"https:\/\/zirzen.com\/wp-content\/uploads\/2023\/07\/cropped-Picture1.png\",\"contentUrl\":\"https:\/\/zirzen.com\/wp-content\/uploads\/2023\/07\/cropped-Picture1.png\",\"width\":512,\"height\":512,\"caption\":\"Zir Zen\"},\"image\":{\"@id\":\"https:\/\/zirzen.com\/#\/schema\/logo\/image\/\"}}]}<\/script>\n<!-- \/ Yoast SEO plugin. -->","yoast_head_json":{"title":"Sveto Brdo - Zir Zen","robots":{"index":"index","follow":"follow","max-snippet":"max-snippet:-1","max-image-preview":"max-image-preview:large","max-video-preview":"max-video-preview:-1"},"canonical":"https:\/\/zirzen.com\/en\/sveto-brdo-velebit\/","og_locale":"en_US","og_type":"article","og_title":"Sveto Brdo - Zir Zen","og_description":"Sveto Brdo Vrijeme: 40 min + 200 min Klinci: DaPsi: Da Otac mi je rekao da je \u010duo na televiziji kada je proslavljeni hrvatski alpinist Stipe Bo\u017ei\u0107 rekao da je pogled sa Svetog Brda jedan od najljep\u0161ih pogleda koje planine svijeta nude. Mislim da ni jedan i drugi ne la\u017eu. Iako Sveto Brdo nije najvi\u0161iContinue reading \"Sveto Brdo\"","og_url":"https:\/\/zirzen.com\/en\/sveto-brdo-velebit\/","og_site_name":"Zir Zen","article_modified_time":"2023-10-10T20:10:41+00:00","og_image":[{"url":"https:\/\/zirzen.com\/wp-content\/uploads\/2023\/09\/Sveto-Brdo-1024x768.jpeg"}],"twitter_card":"summary_large_image","twitter_misc":{"Est. reading time":"2 minutes"},"schema":{"@context":"https:\/\/schema.org","@graph":[{"@type":"WebPage","@id":"https:\/\/zirzen.com\/sveto-brdo-velebit\/","url":"https:\/\/zirzen.com\/sveto-brdo-velebit\/","name":"Sveto Brdo - Zir Zen","isPartOf":{"@id":"https:\/\/zirzen.com\/#website"},"datePublished":"2023-07-19T08:19:37+00:00","dateModified":"2023-10-10T20:10:41+00:00","breadcrumb":{"@id":"https:\/\/zirzen.com\/sveto-brdo-velebit\/#breadcrumb"},"inLanguage":"en-US","potentialAction":[{"@type":"ReadAction","target":["https:\/\/zirzen.com\/sveto-brdo-velebit\/"]}]},{"@type":"BreadcrumbList","@id":"https:\/\/zirzen.com\/sveto-brdo-velebit\/#breadcrumb","itemListElement":[{"@type":"ListItem","position":1,"name":"Home","item":"https:\/\/zirzen.com\/"},{"@type":"ListItem","position":2,"name":"Sveto Brdo"}]},{"@type":"WebSite","@id":"https:\/\/zirzen.com\/#website","url":"https:\/\/zirzen.com\/","name":"Zir Zen","description":"Jebi ga, kad smo ve\u0107 u Lovincu","publisher":{"@id":"https:\/\/zirzen.com\/#organization"},"potentialAction":[{"@type":"SearchAction","target":{"@type":"EntryPoint","urlTemplate":"https:\/\/zirzen.com\/?s={search_term_string}"},"query-input":"required name=search_term_string"}],"inLanguage":"en-US"},{"@type":"Organization","@id":"https:\/\/zirzen.com\/#organization","name":"Zir Zen","url":"https:\/\/zirzen.com\/","logo":{"@type":"ImageObject","inLanguage":"en-US","@id":"https:\/\/zirzen.com\/#\/schema\/logo\/image\/","url":"https:\/\/zirzen.com\/wp-content\/uploads\/2023\/07\/cropped-Picture1.png","contentUrl":"https:\/\/zirzen.com\/wp-content\/uploads\/2023\/07\/cropped-Picture1.png","width":512,"height":512,"caption":"Zir Zen"},"image":{"@id":"https:\/\/zirzen.com\/#\/schema\/logo\/image\/"}}]}},"_links":{"self":[{"href":"https:\/\/zirzen.com\/en\/wp-json\/wp\/v2\/pages\/699","targetHints":{"allow":["GET"]}}],"collection":[{"href":"https:\/\/zirzen.com\/en\/wp-json\/wp\/v2\/pages"}],"about":[{"href":"https:\/\/zirzen.com\/en\/wp-json\/wp\/v2\/types\/page"}],"author":[{"embeddable":true,"href":"https:\/\/zirzen.com\/en\/wp-json\/wp\/v2\/users\/2"}],"replies":[{"embeddable":true,"href":"https:\/\/zirzen.com\/en\/wp-json\/wp\/v2\/comments?post=699"}],"version-history":[{"count":12,"href":"https:\/\/zirzen.com\/en\/wp-json\/wp\/v2\/pages\/699\/revisions"}],"predecessor-version":[{"id":4299,"href":"https:\/\/zirzen.com\/en\/wp-json\/wp\/v2\/pages\/699\/revisions\/4299"}],"wp:attachment":[{"href":"https:\/\/zirzen.com\/en\/wp-json\/wp\/v2\/media?parent=699"}],"curies":[{"name":"wp","href":"https:\/\/api.w.org\/{rel}","templated":true}]}}